{"id":1684,"date":"2017-01-19T16:37:31","date_gmt":"2017-01-19T15:37:31","guid":{"rendered":"http:\/\/comline-elektronik.eu\/?page_id=1684\/"},"modified":"2025-04-03T10:39:11","modified_gmt":"2025-04-03T08:39:11","slug":"mentions-legales","status":"publish","type":"page","link":"https:\/\/comline-elektronik.de\/fr\/mentions-legales\/","title":{"rendered":"Mentions l\u00e9gales"},"content":{"rendered":"<div class=\"wpb-content-wrapper\"><p>[vc_row][vc_column][vc_column_text]<\/p>\n<h4>Comline Elektronik Elektrotechnik GmbH<\/h4>\n<p>Repr\u00e9sent\u00e9 par le directeur Josef Wiesent<br \/>\nKarl-Rapp-Stra\u00dfe 1<br \/>\n92442 Wackersdorf<\/p>\n<p>T\u00e9l\u00e9phone: +49 9431 \/ 7565-0<br \/>\nFax: +49 9431 \/ 7565-25<\/p>\n<p>E-Mail: comline@comline-elektronik.de<br \/>\nInternet: www.comline-elektronik.de<\/p>\n<p>Enregistrement: Inscription au registre du commerce<\/p>\n<p>Bureau d&rsquo;immatriculation: Tribunal d&rsquo;instance de Amberg, num\u00e9ro d&rsquo;enregistrement HR 1288<\/p>\n<p>Num\u00e9ro de TVA: DE131832873<\/p>\n<p>Responsable des contenus selon le \u00a7 55 al. 2 de la RStV (loi publique de radiodiffusion): Josef Wiesent (adresse ci-dessus)<\/p>\n<div class=\"gap\" style=\"line-height: 10px; height: 10px;\"><\/div>\n<h4>Pr\u00e9sentation du site internet, photos et textes<\/h4>\n<p><a title=\"zweckdesign werbeagentur | fotografie | videoproduktion aus amberg\" href=\"http:\/\/www.zweckdesign.com\" target=\"_blank\" rel=\"noopener\">Design engag\u00e9 agence publicitaire | photographie | production vid\u00e9o<\/a><br \/>\nSebastianstra\u00dfe 14<br \/>\n92224 Amberg<\/p>\n<div class=\"gap\" style=\"line-height: 10px; height: 10px;\"><\/div>[\/vc_column_text][vc_column_text]<\/p>\n<h4>Questions juridiques<\/h4>\n<p><b>Responsabilit\u00e9 pour les contenus<\/b><br \/>\nLes contenus de nos pages ont \u00e9t\u00e9 cr\u00e9\u00e9s avec grand soin. Toutefois, aucune garantie pour l&rsquo;exactitude, l&rsquo;exhaustivit\u00e9 et l&rsquo;actualit\u00e9 des contenus ne peut \u00eatre assur\u00e9e. En tant que fournisseur de services, nous sommes responsables de nos contenus sur ces pages conform\u00e9ment au \u00a7 7 al.1\u00a0TMG (loi allemande sur les t\u00e9l\u00e9-m\u00e9dias) selon la l\u00e9gislation g\u00e9n\u00e9rale. D&rsquo;apr\u00e8s \u00a7\u00a7 8 \u00e0 10 TMG, nous ne sommes toutefois pas oblig\u00e9s en tant que fournisseur de service de contr\u00f4ler ou, selon les circonstances, de rechercher les informations \u00e9trang\u00e8res transmises ou sauvegard\u00e9es indiquant une activit\u00e9 ill\u00e9gale. Les obligations d&rsquo;\u00e9limination ou de blocage de l&rsquo;utilisation des informations selon la l\u00e9gislation g\u00e9n\u00e9rales restent ici intactes. Une responsabilit\u00e9 \u00e0 ce propos est toutefois possible, uniquement d\u00e8s le moment o\u00f9 une infraction concr\u00e8te au droit a \u00e9t\u00e9 port\u00e9e \u00e0 notre connaissance. Nous supprimerons imm\u00e9diatement ces contenus une fois l&rsquo;infraction au droit correspondante port\u00e9e \u00e0 notre connaissance.<\/p>\n<p><b>Responsabilit\u00e9 pour les liens<\/b><br \/>\nNotre offre contient des liens vers des sites web externes tiers, dont nous ne pouvons pas modifier le contenu. C&rsquo;est pourquoi nous ne pouvons assurer aucune responsabilit\u00e9 pour ces contenus externes. Le fournisseur ou l&rsquo;exploitant correspondant sont responsables des contenus des pages de liens. La conformit\u00e9 l\u00e9gale des pages de liens a \u00e9t\u00e9 v\u00e9rifi\u00e9e au moment de la cr\u00e9ation du lien. Aucun contenu ill\u00e9gal n&rsquo;a \u00e9t\u00e9 d\u00e9tect\u00e9 au moment de la cr\u00e9ation du lien. Un contr\u00f4le permanent des contenus des pages de liens est toutefois inacceptable sans indice concret d&rsquo;infraction. Si une infraction au droit est port\u00e9e \u00e0 notre connaissance, de tels liens sont imm\u00e9diatement supprim\u00e9s.<\/p>\n<p><b>Droit d&rsquo;auteur<\/b><br \/>\nLes contenus et \u0153uvres cr\u00e9\u00e9s par l&rsquo;exploitant de la page sont soumis au droit d&rsquo;auteur allemand. La reproduction, la modification, la diffusion et tout type d&rsquo;exploitation hors du champ du droit d&rsquo;auteur n\u00e9cessite l&rsquo;accord \u00e9crit de l&rsquo;auteur ou du cr\u00e9ateur concern\u00e9. Les t\u00e9l\u00e9chargements et les copies de cette page sont autoris\u00e9s uniquement pour un usage priv\u00e9 et non commercial. Dans la mesure o\u00f9 les contenus sur cette page n&rsquo;ont pas \u00e9t\u00e9 cr\u00e9\u00e9s par l&rsquo;exploitant, les droits d&rsquo;auteur des tiers sont respect\u00e9s. En particulier, les contenus des tiers sont marqu\u00e9s comme tels. Si vous deviez toutefois remarquer une infraction au droit d&rsquo;auteur, nous vous prions de nous le faire savoir. De tels contenus seront supprim\u00e9s une fois l&rsquo;infraction port\u00e9e \u00e0 notre connaissance.<\/p>\n<p><b>Protection des donn\u00e9es<\/b><br \/>\nL&rsquo;utilisation de notre site Internet est g\u00e9n\u00e9ralement possible sans devoir fournir de donn\u00e9es \u00e0 caract\u00e8re personnel. La collecte de donn\u00e9es personnelles (par exemple nom, adresse postale ou adresse \u00e9lectronique) sur nos pages s&rsquo;effectue sur un principe de volontariat, dans la mesure du possible. Ces donn\u00e9es ne sont pas transmises \u00e0 des tiers, sans votre consentement expr\u00e8s.<\/p>\n<p>Nous attirons votre attention sur le fait que la transmission de donn\u00e9es sur Internet (par ex. lors d&rsquo;une communication par e-mail) peut pr\u00e9senter des failles de s\u00e9curit\u00e9. Il est impossible de garantir une protection int\u00e9grale contre l&rsquo;acc\u00e8s de tiers aux donn\u00e9es.<\/p>\n<p>L&rsquo;utilisation par des tiers de coordonn\u00e9es publi\u00e9es dans le cadre de notre obligation de mentions l\u00e9gales, afin d&rsquo;envoyer des publicit\u00e9s et outils d&rsquo;information non express\u00e9ment requis est ainsi formellement contest\u00e9e. Les exploitants de ces pages se r\u00e9servent express\u00e9ment le droit d&rsquo;engager des actions judiciaires, dans le cas d&rsquo;envoi de publicit\u00e9s ind\u00e9sirables, notamment par le biais de spams.<\/p>\n<p>Source: Clause de non-responsabilit\u00e9 et mentions l\u00e9gales g\u00e9n\u00e9r\u00e9es par eRecht24.de (avovat S\u00f6ren Siebert)[\/vc_column_text][\/vc_column][\/vc_row]<\/p>\n<\/div>","protected":false},"excerpt":{"rendered":"<p>[vc_row][vc_column][vc_column_text] Comline Elektronik Elektrotechnik GmbH Repr\u00e9sent\u00e9 par le directeur Josef Wiesent Karl-Rapp-Stra\u00dfe 1 92442 Wackersdorf T\u00e9l\u00e9phone: +49 9431 \/ 7565-0 Fax: +49 9431 \/ 7565-25 E-Mail: comline@comline-elektronik.de Internet: www.comline-elektronik.de Enregistrement: Inscription au registre du commerce Bureau d&rsquo;immatriculation: Tribunal d&rsquo;instance de Amberg, num\u00e9ro d&rsquo;enregistrement HR 1288 Num\u00e9ro de TVA: DE131832873 Responsable des contenus selon le \u00a7&hellip;<\/p>\n","protected":false},"author":1,"featured_media":0,"parent":0,"menu_order":0,"comment_status":"closed","ping_status":"open","template":"","meta":{"footnotes":""},"class_list":["post-1684","page","type-page","status-publish","hentry","description-off"],"yoast_head":"<!-- This site is optimized with the Yoast SEO plugin v27.4 - https:\/\/yoast.com\/product\/yoast-seo-wordpress\/ -->\n<title>Mentions l\u00e9gales - Comline Elektronik Elektrotechnik<\/title>\n<meta name=\"robots\" content=\"index, follow, max-snippet:-1, max-image-preview:large, max-video-preview:-1\" \/>\n<link rel=\"canonical\" href=\"https:\/\/comline-elektronik.de\/fr\/mentions-legales\/\" \/>\n<meta property=\"og:locale\" content=\"fr_FR\" \/>\n<meta property=\"og:type\" content=\"article\" \/>\n<meta property=\"og:title\" content=\"Mentions l\u00e9gales - Comline Elektronik Elektrotechnik\" \/>\n<meta property=\"og:description\" content=\"[vc_row][vc_column][vc_column_text] Comline Elektronik Elektrotechnik GmbH Repr\u00e9sent\u00e9 par le directeur Josef Wiesent Karl-Rapp-Stra\u00dfe 1 92442 Wackersdorf T\u00e9l\u00e9phone: +49 9431 \/ 7565-0 Fax: +49 9431 \/ 7565-25 E-Mail: comline@comline-elektronik.de Internet: www.comline-elektronik.de Enregistrement: Inscription au registre du commerce Bureau d&rsquo;immatriculation: Tribunal d&rsquo;instance de Amberg, num\u00e9ro d&rsquo;enregistrement HR 1288 Num\u00e9ro de TVA: DE131832873 Responsable des contenus selon le \u00a7&hellip;\" \/>\n<meta property=\"og:url\" content=\"https:\/\/comline-elektronik.de\/fr\/mentions-legales\/\" \/>\n<meta property=\"og:site_name\" content=\"Comline Elektronik Elektrotechnik\" \/>\n<meta property=\"article:modified_time\" content=\"2025-04-03T08:39:11+00:00\" \/>\n<meta name=\"twitter:card\" content=\"summary_large_image\" \/>\n<meta name=\"twitter:label1\" content=\"Dur\u00e9e de lecture estim\u00e9e\" \/>\n\t<meta name=\"twitter:data1\" content=\"4 minutes\" \/>\n<script type=\"application\/ld+json\" class=\"yoast-schema-graph\">{\"@context\":\"https:\\\/\\\/schema.org\",\"@graph\":[{\"@type\":\"WebPage\",\"@id\":\"https:\\\/\\\/comline-elektronik.de\\\/fr\\\/mentions-legales\\\/\",\"url\":\"https:\\\/\\\/comline-elektronik.de\\\/fr\\\/mentions-legales\\\/\",\"name\":\"Mentions l\u00e9gales - Comline Elektronik Elektrotechnik\",\"isPartOf\":{\"@id\":\"https:\\\/\\\/comline-elektronik.de\\\/#website\"},\"datePublished\":\"2017-01-19T15:37:31+00:00\",\"dateModified\":\"2025-04-03T08:39:11+00:00\",\"breadcrumb\":{\"@id\":\"https:\\\/\\\/comline-elektronik.de\\\/fr\\\/mentions-legales\\\/#breadcrumb\"},\"inLanguage\":\"fr-FR\",\"potentialAction\":[{\"@type\":\"ReadAction\",\"target\":[\"https:\\\/\\\/comline-elektronik.de\\\/fr\\\/mentions-legales\\\/\"]}]},{\"@type\":\"BreadcrumbList\",\"@id\":\"https:\\\/\\\/comline-elektronik.de\\\/fr\\\/mentions-legales\\\/#breadcrumb\",\"itemListElement\":[{\"@type\":\"ListItem\",\"position\":1,\"name\":\"Startseite\",\"item\":\"https:\\\/\\\/comline-elektronik.de\\\/fr\\\/\"},{\"@type\":\"ListItem\",\"position\":2,\"name\":\"Mentions l\u00e9gales\"}]},{\"@type\":\"WebSite\",\"@id\":\"https:\\\/\\\/comline-elektronik.de\\\/#website\",\"url\":\"https:\\\/\\\/comline-elektronik.de\\\/\",\"name\":\"Comline Elektronik Elektrotechnik\",\"description\":\"Kabelsysteme | MIR-Spektrometer\",\"potentialAction\":[{\"@type\":\"SearchAction\",\"target\":{\"@type\":\"EntryPoint\",\"urlTemplate\":\"https:\\\/\\\/comline-elektronik.de\\\/?s={search_term_string}\"},\"query-input\":{\"@type\":\"PropertyValueSpecification\",\"valueRequired\":true,\"valueName\":\"search_term_string\"}}],\"inLanguage\":\"fr-FR\"}]}<\/script>\n<!-- \/ Yoast SEO plugin. -->","yoast_head_json":{"title":"Mentions l\u00e9gales - Comline Elektronik Elektrotechnik","robots":{"index":"index","follow":"follow","max-snippet":"max-snippet:-1","max-image-preview":"max-image-preview:large","max-video-preview":"max-video-preview:-1"},"canonical":"https:\/\/comline-elektronik.de\/fr\/mentions-legales\/","og_locale":"fr_FR","og_type":"article","og_title":"Mentions l\u00e9gales - Comline Elektronik Elektrotechnik","og_description":"[vc_row][vc_column][vc_column_text] Comline Elektronik Elektrotechnik GmbH Repr\u00e9sent\u00e9 par le directeur Josef Wiesent Karl-Rapp-Stra\u00dfe 1 92442 Wackersdorf T\u00e9l\u00e9phone: +49 9431 \/ 7565-0 Fax: +49 9431 \/ 7565-25 E-Mail: comline@comline-elektronik.de Internet: www.comline-elektronik.de Enregistrement: Inscription au registre du commerce Bureau d&rsquo;immatriculation: Tribunal d&rsquo;instance de Amberg, num\u00e9ro d&rsquo;enregistrement HR 1288 Num\u00e9ro de TVA: DE131832873 Responsable des contenus selon le \u00a7&hellip;","og_url":"https:\/\/comline-elektronik.de\/fr\/mentions-legales\/","og_site_name":"Comline Elektronik Elektrotechnik","article_modified_time":"2025-04-03T08:39:11+00:00","twitter_card":"summary_large_image","twitter_misc":{"Dur\u00e9e de lecture estim\u00e9e":"4 minutes"},"schema":{"@context":"https:\/\/schema.org","@graph":[{"@type":"WebPage","@id":"https:\/\/comline-elektronik.de\/fr\/mentions-legales\/","url":"https:\/\/comline-elektronik.de\/fr\/mentions-legales\/","name":"Mentions l\u00e9gales - Comline Elektronik Elektrotechnik","isPartOf":{"@id":"https:\/\/comline-elektronik.de\/#website"},"datePublished":"2017-01-19T15:37:31+00:00","dateModified":"2025-04-03T08:39:11+00:00","breadcrumb":{"@id":"https:\/\/comline-elektronik.de\/fr\/mentions-legales\/#breadcrumb"},"inLanguage":"fr-FR","potentialAction":[{"@type":"ReadAction","target":["https:\/\/comline-elektronik.de\/fr\/mentions-legales\/"]}]},{"@type":"BreadcrumbList","@id":"https:\/\/comline-elektronik.de\/fr\/mentions-legales\/#breadcrumb","itemListElement":[{"@type":"ListItem","position":1,"name":"Startseite","item":"https:\/\/comline-elektronik.de\/fr\/"},{"@type":"ListItem","position":2,"name":"Mentions l\u00e9gales"}]},{"@type":"WebSite","@id":"https:\/\/comline-elektronik.de\/#website","url":"https:\/\/comline-elektronik.de\/","name":"Comline Elektronik Elektrotechnik","description":"Kabelsysteme | MIR-Spektrometer","potentialAction":[{"@type":"SearchAction","target":{"@type":"EntryPoint","urlTemplate":"https:\/\/comline-elektronik.de\/?s={search_term_string}"},"query-input":{"@type":"PropertyValueSpecification","valueRequired":true,"valueName":"search_term_string"}}],"inLanguage":"fr-FR"}]}},"jetpack_shortlink":"https:\/\/wp.me\/P9txgi-ra","jetpack_sharing_enabled":true,"_links":{"self":[{"href":"https:\/\/comline-elektronik.de\/fr\/wp-json\/wp\/v2\/pages\/1684","targetHints":{"allow":["GET"]}}],"collection":[{"href":"https:\/\/comline-elektronik.de\/fr\/wp-json\/wp\/v2\/pages"}],"about":[{"href":"https:\/\/comline-elektronik.de\/fr\/wp-json\/wp\/v2\/types\/page"}],"author":[{"embeddable":true,"href":"https:\/\/comline-elektronik.de\/fr\/wp-json\/wp\/v2\/users\/1"}],"replies":[{"embeddable":true,"href":"https:\/\/comline-elektronik.de\/fr\/wp-json\/wp\/v2\/comments?post=1684"}],"version-history":[{"count":2,"href":"https:\/\/comline-elektronik.de\/fr\/wp-json\/wp\/v2\/pages\/1684\/revisions"}],"predecessor-version":[{"id":4090,"href":"https:\/\/comline-elektronik.de\/fr\/wp-json\/wp\/v2\/pages\/1684\/revisions\/4090"}],"wp:attachment":[{"href":"https:\/\/comline-elektronik.de\/fr\/wp-json\/wp\/v2\/media?parent=1684"}],"curies":[{"name":"wp","href":"https:\/\/api.w.org\/{rel}","templated":true}]}}